{"id":363,"date":"2023-09-20T21:16:32","date_gmt":"2023-09-20T21:16:32","guid":{"rendered":"https:\/\/institucionceff.org\/?page_id=363"},"modified":"2023-12-11T17:29:33","modified_gmt":"2023-12-11T22:29:33","slug":"elementor-363","status":"publish","type":"page","link":"https:\/\/institucionceff.org\/?page_id=363","title":{"rendered":"Quienes somos"},"content":{"rendered":"\t\t<div data-elementor-type=\"wp-page\" data-elementor-id=\"363\" class=\"elementor elementor-363\">\n\t\t\t\t\t\t<section class=\"elementor-section elementor-top-section elementor-element elementor-element-14a0d44 elementor-section-boxed elementor-section-height-default elementor-section-height-default\" data-id=\"14a0d44\" data-element_type=\"section\" data-settings=\"{&quot;background_background&quot;:&quot;classic&quot;}\">\n\t\t\t\t\t\t<div class=\"elementor-container elementor-column-gap-extended\">\n\t\t\t\t\t<div class=\"elementor-column elementor-col-50 elementor-top-column elementor-element elementor-element-1ee1720\" data-id=\"1ee1720\" data-element_type=\"column\">\n\t\t\t<div class=\"elementor-widget-wrap elementor-element-populated\">\n\t\t\t\t\t\t<div class=\"elementor-element elementor-element-c2f5f19 elementor-invisible elementor-widget elementor-widget-heading\" data-id=\"c2f5f19\" data-element_type=\"widget\" data-settings=\"{&quot;_animation&quot;:&quot;fadeIn&quot;}\" data-widget_type=\"heading.default\">\n\t\t\t\t<div class=\"elementor-widget-container\">\n\t\t\t\t\t<h4 class=\"elementor-heading-title elementor-size-default\"><b>\u00bfQui\u00e9nes somos?<\/b><\/h4>\t\t\t\t<\/div>\n\t\t\t\t<\/div>\n\t\t\t\t<div class=\"elementor-element elementor-element-402f013 elementor-invisible elementor-widget elementor-widget-text-editor\" data-id=\"402f013\" data-element_type=\"widget\" data-settings=\"{&quot;_animation&quot;:&quot;fadeIn&quot;}\" data-widget_type=\"text-editor.default\">\n\t\t\t\t<div class=\"elementor-widget-container\">\n\t\t\t\t\t\t\t\t\t<p>Una corporaci\u00f3n sin \u00e1nimo de lucro, con personer\u00eda jur\u00eddica # 008212 Desde 1964, de enero 13 de 1975, otorgada por la gobernaci\u00f3n de Antioquia (Colombia).<\/p>\n<p><b>CEFF<\/b> ofrece como promesa de valor, aportar al desarrollo social de las comunidades. Potenciando a las familias como grupo humano, din\u00e1mico y transformador de la sociedad; esto lo hacemos implementando procesos educativos formativos, donde adultos, j\u00f3venes y ni\u00f1os, tienen la oportunidad de aprender, validar, experimentar e incorporar nuevas formas de relacionarse y crecer. As\u00ed, buscamos incidir en la promoci\u00f3n de cambios significativos en ellos, redefiniendo la experiencia de \u201c<b>Vivir en familia<\/b>\u201d y por ende, contribuyendo a la pacificaci\u00f3n de los<br>territorios.<\/p>\n<p><\/p>\t\t\t\t\t\t\t\t<\/div>\n\t\t\t\t<\/div>\n\t\t\t\t<div class=\"elementor-element elementor-element-c5fd5a8 elementor-align-left elementor-mobile-align-justify elementor-invisible elementor-widget elementor-widget-button\" data-id=\"c5fd5a8\" data-element_type=\"widget\" data-settings=\"{&quot;_animation&quot;:&quot;fadeIn&quot;}\" data-widget_type=\"button.default\">\n\t\t\t\t<div class=\"elementor-widget-container\">\n\t\t\t\t\t\t\t\t\t<div class=\"elementor-button-wrapper\">\n\t\t\t\t\t<a class=\"elementor-button elementor-button-link elementor-size-lg\" href=\"https:\/\/ceff-d26023.ingress-earth.ewp.live\/programas\/\">\n\t\t\t\t\t\t<span class=\"elementor-button-content-wrapper\">\n\t\t\t\t\t\t\t\t\t<span class=\"elementor-button-text\">Nuestros programas<\/span>\n\t\t\t\t\t<\/span>\n\t\t\t\t\t<\/a>\n\t\t\t\t<\/div>\n\t\t\t\t\t\t\t\t<\/div>\n\t\t\t\t<\/div>\n\t\t\t\t\t<\/div>\n\t\t<\/div>\n\t\t\t\t<div class=\"elementor-column elementor-col-50 elementor-top-column elementor-element elementor-element-b5b4ae6\" data-id=\"b5b4ae6\" data-element_type=\"column\">\n\t\t\t<div class=\"elementor-widget-wrap elementor-element-populated\">\n\t\t\t\t\t\t<div class=\"elementor-element elementor-element-a0f6bb0 elementor-widget elementor-widget-video\" data-id=\"a0f6bb0\" data-element_type=\"widget\" data-settings=\"{&quot;youtube_url&quot;:&quot;https:\\\/\\\/youtu.be\\\/7bEqN5NvIAo&quot;,&quot;video_type&quot;:&quot;youtube&quot;,&quot;controls&quot;:&quot;yes&quot;}\" data-widget_type=\"video.default\">\n\t\t\t\t<div class=\"elementor-widget-container\">\n\t\t\t\t\t\t\t<div class=\"elementor-wrapper elementor-open-inline\">\n\t\t\t<div class=\"elementor-video\"><\/div>\t\t<\/div>\n\t\t\t\t\t\t<\/div>\n\t\t\t\t<\/div>\n\t\t\t\t\t<\/div>\n\t\t<\/div>\n\t\t\t\t\t<\/div>\n\t\t<\/section>\n\t\t<div class=\"elementor-element elementor-element-424bfe6 e-flex e-con-boxed e-con e-parent\" data-id=\"424bfe6\" data-element_type=\"container\">\n\t\t\t\t\t<div class=\"e-con-inner\">\n\t\t\t\t<div class=\"elementor-element elementor-element-2b340e6 elementor-invisible elementor-widget elementor-widget-image\" data-id=\"2b340e6\" data-element_type=\"widget\" data-settings=\"{&quot;_animation&quot;:&quot;zoomIn&quot;}\" data-widget_type=\"image.default\">\n\t\t\t\t<div class=\"elementor-widget-container\">\n\t\t\t\t\t\t\t\t\t\t\t\t\t\t\t<img fetchpriority=\"high\" decoding=\"async\" width=\"768\" height=\"576\" src=\"https:\/\/institucionceff.org\/wp-content\/uploads\/2023\/10\/IMG_20231012_155233853-768x576.jpg\" class=\"attachment-medium_large size-medium_large wp-image-617\" alt=\"\" srcset=\"https:\/\/institucionceff.org\/wp-content\/uploads\/2023\/10\/IMG_20231012_155233853-768x576.jpg 768w, https:\/\/institucionceff.org\/wp-content\/uploads\/2023\/10\/IMG_20231012_155233853-300x225.jpg 300w, https:\/\/institucionceff.org\/wp-content\/uploads\/2023\/10\/IMG_20231012_155233853-1024x768.jpg 1024w, https:\/\/institucionceff.org\/wp-content\/uploads\/2023\/10\/IMG_20231012_155233853-1536x1152.jpg 1536w, https:\/\/institucionceff.org\/wp-content\/uploads\/2023\/10\/IMG_20231012_155233853-2048x1536.jpg 2048w, https:\/\/institucionceff.org\/wp-content\/uploads\/2023\/10\/IMG_20231012_155233853-600x450.jpg 600w\" sizes=\"(max-width: 768px) 100vw, 768px\" \/>\t\t\t\t\t\t\t\t\t\t\t\t\t\t\t<\/div>\n\t\t\t\t<\/div>\n\t\t\t\t\t<\/div>\n\t\t\t\t<\/div>\n\t\t\t\t<section class=\"elementor-section elementor-top-section elementor-element elementor-element-a7720d2 elementor-section-boxed elementor-section-height-default elementor-section-height-default\" data-id=\"a7720d2\" data-element_type=\"section\" data-settings=\"{&quot;background_background&quot;:&quot;classic&quot;}\">\n\t\t\t\t\t\t<div class=\"elementor-container elementor-column-gap-extended\">\n\t\t\t\t\t<div class=\"elementor-column elementor-col-33 elementor-top-column elementor-element elementor-element-852b41b\" data-id=\"852b41b\" data-element_type=\"column\">\n\t\t\t<div class=\"elementor-widget-wrap elementor-element-populated\">\n\t\t\t\t\t\t<div class=\"elementor-element elementor-element-ca612bd elementor-invisible elementor-widget elementor-widget-heading\" data-id=\"ca612bd\" data-element_type=\"widget\" data-settings=\"{&quot;_animation&quot;:&quot;fadeIn&quot;}\" data-widget_type=\"heading.default\">\n\t\t\t\t<div class=\"elementor-widget-container\">\n\t\t\t\t\t<h3 class=\"elementor-heading-title elementor-size-default\"><b>Misi\u00f3n<\/b><\/h3>\t\t\t\t<\/div>\n\t\t\t\t<\/div>\n\t\t\t\t<div class=\"elementor-element elementor-element-289750c elementor-widget elementor-widget-text-editor\" data-id=\"289750c\" data-element_type=\"widget\" data-widget_type=\"text-editor.default\">\n\t\t\t\t<div class=\"elementor-widget-container\">\n\t\t\t\t\t\t\t\t\t<p><b>Centros de Formaci\u00f3n Familiar<\/b>, es una\u00a0organizaci\u00f3n social, sin \u00e1nimo de lucro que:<\/p><ul><li><b>Desarrolla<\/b> programas de formaci\u00f3n integral con \u00e9nfasis en procesos de promoci\u00f3n y proyecci\u00f3n que contribuyen a mejorar el <b>entorno familiar y comunitario.<\/b><\/li><li><b>Basa<\/b> su metodolog\u00eda en los valores fundamentales, con el uso de elementos <b>de educaci\u00f3n popular y de la animaci\u00f3n socio cultural.<\/b><\/li><li><b>Es abierta a las diferentes creencias<\/b>, conformaciones familiares y condiciones de vida.<\/li><li><b>Canaliza<\/b> el inter\u00e9s de grupos voluntarios y de patrocinadores, para cogestionar\u00a0<b>acciones de responsabilidad social.<\/b><\/li><\/ul>\t\t\t\t\t\t\t\t<\/div>\n\t\t\t\t<\/div>\n\t\t\t\t\t<\/div>\n\t\t<\/div>\n\t\t\t\t<div class=\"elementor-column elementor-col-33 elementor-top-column elementor-element elementor-element-47763ba\" data-id=\"47763ba\" data-element_type=\"column\">\n\t\t\t<div class=\"elementor-widget-wrap elementor-element-populated\">\n\t\t\t\t\t\t<div class=\"elementor-element elementor-element-4b7dd76 elementor-invisible elementor-widget elementor-widget-heading\" data-id=\"4b7dd76\" data-element_type=\"widget\" data-settings=\"{&quot;_animation&quot;:&quot;fadeIn&quot;}\" data-widget_type=\"heading.default\">\n\t\t\t\t<div class=\"elementor-widget-container\">\n\t\t\t\t\t<h3 class=\"elementor-heading-title elementor-size-default\"><b>Visi\u00f3n<\/b><\/h3>\t\t\t\t<\/div>\n\t\t\t\t<\/div>\n\t\t\t\t<div class=\"elementor-element elementor-element-3d7a546 elementor-widget elementor-widget-text-editor\" data-id=\"3d7a546\" data-element_type=\"widget\" data-widget_type=\"text-editor.default\">\n\t\t\t\t<div class=\"elementor-widget-container\">\n\t\t\t\t\t\t\t\t\t<p>Seguir trabajando en el fortalecimiento de la familia desde una <b>perspectiva humanista.<\/b><\/p>\n<p>Tener una mayor cobertura e incidencia en los procesos de <b>Desarrollo Social.&nbsp;<\/b><\/p>\n<p>Continuar siendo respuesta, con <b>visi\u00f3n de cambio<\/b>, a los retos del momento.&nbsp;<\/p>\n<p>Disponer de los recursos necesarios, que garanticen la<b> sostenibilidad<\/b> y permanencia de la instituci\u00f3n.<\/p>\t\t\t\t\t\t\t\t<\/div>\n\t\t\t\t<\/div>\n\t\t\t\t\t<\/div>\n\t\t<\/div>\n\t\t\t\t<div class=\"elementor-column elementor-col-33 elementor-top-column elementor-element elementor-element-fc77011\" data-id=\"fc77011\" data-element_type=\"column\">\n\t\t\t<div class=\"elementor-widget-wrap elementor-element-populated\">\n\t\t\t\t\t\t<div class=\"elementor-element elementor-element-c489ece elementor-invisible elementor-widget elementor-widget-heading\" data-id=\"c489ece\" data-element_type=\"widget\" data-settings=\"{&quot;_animation&quot;:&quot;fadeIn&quot;}\" data-widget_type=\"heading.default\">\n\t\t\t\t<div class=\"elementor-widget-container\">\n\t\t\t\t\t<h3 class=\"elementor-heading-title elementor-size-default\"><b>Valores<\/b><\/h3>\t\t\t\t<\/div>\n\t\t\t\t<\/div>\n\t\t\t\t<div class=\"elementor-element elementor-element-8b773b6 elementor-widget elementor-widget-text-editor\" data-id=\"8b773b6\" data-element_type=\"widget\" data-widget_type=\"text-editor.default\">\n\t\t\t\t<div class=\"elementor-widget-container\">\n\t\t\t\t\t\t\t\t\t<ul><li>El <b>respeto<\/b> por la dignidad y la vida humana.<\/li><li>La <b>educaci\u00f3n<\/b>, como eje transversal de las\u00a0transformaciones<br \/>sociales.<\/li><li>La <b>Familia<\/b>, como fuente de cambio.<\/li><li>La <b>\u00e9tica<\/b>, como fundamento de vida.<\/li><li>El<b> respeto<\/b> por el conocimiento y las vivencias de las\u00a0diferentes<br \/>comunidades.<\/li><li>La <b>transparencia<\/b> y la organizaci\u00f3n, en la gesti\u00f3n administrativa.<\/li><\/ul>\t\t\t\t\t\t\t\t<\/div>\n\t\t\t\t<\/div>\n\t\t\t\t\t<\/div>\n\t\t<\/div>\n\t\t\t\t\t<\/div>\n\t\t<\/section>\n\t\t<div class=\"elementor-element elementor-element-786c141 e-flex e-con-boxed e-con e-parent\" data-id=\"786c141\" data-element_type=\"container\">\n\t\t\t\t\t<div class=\"e-con-inner\">\n\t\t\t\t<div class=\"elementor-element elementor-element-1f883fd elementor-widget__width-initial elementor-widget elementor-widget-video\" data-id=\"1f883fd\" data-element_type=\"widget\" data-settings=\"{&quot;youtube_url&quot;:&quot;https:\\\/\\\/youtu.be\\\/9JUs3_AA9Rg&quot;,&quot;video_type&quot;:&quot;youtube&quot;,&quot;controls&quot;:&quot;yes&quot;}\" data-widget_type=\"video.default\">\n\t\t\t\t<div class=\"elementor-widget-container\">\n\t\t\t\t\t\t\t<div class=\"elementor-wrapper elementor-open-inline\">\n\t\t\t<div class=\"elementor-video\"><\/div>\t\t<\/div>\n\t\t\t\t\t\t<\/div>\n\t\t\t\t<\/div>\n\t\t\t\t\t<\/div>\n\t\t\t\t<\/div>\n\t\t\t\t<\/div>\n\t\t","protected":false},"excerpt":{"rendered":"<p>\u00bfQui\u00e9nes somos? Una corporaci\u00f3n sin \u00e1nimo de lucro, con personer\u00eda jur\u00eddica # 008212 Desde 1964, de enero 13 de 1975, otorgada por la gobernaci\u00f3n de Antioquia (Colombia). CEFF ofrece como promesa de valor, aportar al desarrollo social de las comunidades. Potenciando a las familias como grupo humano, din\u00e1mico y transformador de la sociedad; esto lo&hellip;&nbsp;<a href=\"https:\/\/institucionceff.org\/?page_id=363\" rel=\"bookmark\">Leer m\u00e1s &raquo;<span class=\"screen-reader-text\">Quienes somos<\/span><\/a><\/p>\n","protected":false},"author":1,"featured_media":0,"parent":0,"menu_order":0,"comment_status":"closed","ping_status":"closed","template":"page-templates\/template-pagebuilder-full-width.php","meta":{"neve_meta_sidebar":"full-width","neve_meta_container":"","neve_meta_enable_content_width":"on","neve_meta_content_width":100,"neve_meta_title_alignment":"","neve_meta_author_avatar":"","neve_post_elements_order":"","neve_meta_disable_header":"","neve_meta_disable_footer":"","neve_meta_disable_title":"on","_joinchat":[],"footnotes":""},"class_list":["post-363","page","type-page","status-publish","hentry"],"_links":{"self":[{"href":"https:\/\/institucionceff.org\/index.php?rest_route=\/wp\/v2\/pages\/363","targetHints":{"allow":["GET"]}}],"collection":[{"href":"https:\/\/institucionceff.org\/index.php?rest_route=\/wp\/v2\/pages"}],"about":[{"href":"https:\/\/institucionceff.org\/index.php?rest_route=\/wp\/v2\/types\/page"}],"author":[{"embeddable":true,"href":"https:\/\/institucionceff.org\/index.php?rest_route=\/wp\/v2\/users\/1"}],"replies":[{"embeddable":true,"href":"https:\/\/institucionceff.org\/index.php?rest_route=%2Fwp%2Fv2%2Fcomments&post=363"}],"version-history":[{"count":6,"href":"https:\/\/institucionceff.org\/index.php?rest_route=\/wp\/v2\/pages\/363\/revisions"}],"predecessor-version":[{"id":773,"href":"https:\/\/institucionceff.org\/index.php?rest_route=\/wp\/v2\/pages\/363\/revisions\/773"}],"wp:attachment":[{"href":"https:\/\/institucionceff.org\/index.php?rest_route=%2Fwp%2Fv2%2Fmedia&parent=363"}],"curies":[{"name":"wp","href":"https:\/\/api.w.org\/{rel}","templated":true}]}}